{"id":2187,"date":"2022-09-11T04:35:16","date_gmt":"2022-09-11T01:35:16","guid":{"rendered":"http:\/\/themes.muffingroup.com\/betheme\/?post_type=portfolio&#038;p=2187"},"modified":"2024-03-13T08:16:32","modified_gmt":"2024-03-13T05:16:32","slug":"vermietung-von-mercedes-e-klasse","status":"publish","type":"portfolio","link":"https:\/\/viparacim.com\/de\/soforlu-luks-arac-kiralama\/e-class-mercedes-kiralama\/","title":{"rendered":"Vermietung von Mercedes der E-Klasse"},"content":{"rendered":"","protected":false},"excerpt":{"rendered":"","protected":false},"author":1,"featured_media":2378,"menu_order":43,"comment_status":"closed","ping_status":"closed","template":"","meta":{"rs_blank_template":"","rs_page_bg_color":"","slide_template_v7":""},"portfolio-types":[7],"class_list":["post-2187","portfolio","type-portfolio","status-publish","has-post-thumbnail","hentry","portfolio-types-luks-araclarimiz-ve-ozellikleri"],"aioseo_notices":[],"aioseo_head":"\n\t\t<!-- All in One SEO 5.0.1.1 - aioseo.com -->\n\t<meta name=\"description\" content=\"Ankara E Class Mercedes Kiralama : Sizin i\u00e7in en \u00fcst d\u00fczey konforla donat\u0131lm\u0131\u015f son model bir E class mercedes ve tecr\u00fcbeli \u015fof\u00f6r\u00fcn\u00fcz ile seyahatlerinizi ger\u00e7ekle\u015ftirin.\" \/>\n\t<meta name=\"robots\" content=\"max-image-preview:large\" \/>\n\t<meta name=\"author\" content=\"admin\"\/>\n\t<meta name=\"google-site-verification\" content=\"KAfmD1_dxcNzq7SX_ubTUTOToER_1hK50Vpivh7NntI\" \/>\n\t<meta name=\"keywords\" content=\"l\u00fcks ara\u00e7 kiralama,\u015f\u00f6f\u00f6rl\u00fc ara\u00e7 kiralama,vip ara\u00e7 kiralama,vip arac,\u015f\u00f6f\u00f6rl\u00fc ara\u00e7,ara\u00e7 kiralama,ankara ara\u00e7 kiralama,ankara gelin arabas\u0131,ankara d\u00fc\u011f\u00fcn arabas\u0131,ankara \u015f\u00f6f\u00f6rl\u00fc oto,havaalan\u0131 transferi,esenbo\u011fa ara\u00e7 kiralama\" \/>\n\t<link rel=\"canonical\" href=\"https:\/\/viparacim.com\/de\/soforlu-luks-arac-kiralama\/e-class-mercedes-kiralama\/\" \/>\n\t<meta name=\"generator\" content=\"All in One SEO (AIOSEO) 5.0.1.1\" \/>\n\t\t<meta property=\"og:locale\" content=\"de_DE\" \/>\n\t\t<meta property=\"og:site_name\" content=\"VIPARACIM \u015eof\u00f6rl\u00fc L\u00fcks Ara\u00e7 Kiralama\" \/>\n\t\t<meta property=\"og:type\" content=\"article\" \/>\n\t\t<meta property=\"og:title\" content=\"E Class Mercedes Kiralama | \u015e\u00f6f\u00f6rl\u00fc Ara\u00e7 Kiralama\" \/>\n\t\t<meta property=\"og:description\" content=\"Ankara E Class Mercedes Kiralama : Sizin i\u00e7in en \u00fcst d\u00fczey konforla donat\u0131lm\u0131\u015f son model bir E class mercedes ve tecr\u00fcbeli \u015fof\u00f6r\u00fcn\u00fcz ile seyahatlerinizi ger\u00e7ekle\u015ftirin.\" \/>\n\t\t<meta property=\"og:url\" content=\"https:\/\/viparacim.com\/de\/soforlu-luks-arac-kiralama\/e-class-mercedes-kiralama\/\" \/>\n\t\t<meta property=\"og:image\" content=\"https:\/\/viparacim.com\/wp-content\/uploads\/2020\/06\/viparacim-schema.jpg\" \/>\n\t\t<meta property=\"og:image:secure_url\" content=\"https:\/\/viparacim.com\/wp-content\/uploads\/2020\/06\/viparacim-schema.jpg\" \/>\n\t\t<meta property=\"og:image:width\" content=\"1251\" \/>\n\t\t<meta property=\"og:image:height\" content=\"811\" \/>\n\t\t<meta property=\"article:published_time\" content=\"2022-09-11T01:35:16+00:00\" \/>\n\t\t<meta property=\"article:modified_time\" content=\"2024-03-13T05:16:32+00:00\" \/>\n\t\t<meta name=\"twitter:card\" content=\"summary\" \/>\n\t\t<meta name=\"twitter:title\" content=\"E Class Mercedes Kiralama | \u015e\u00f6f\u00f6rl\u00fc Ara\u00e7 Kiralama\" \/>\n\t\t<meta name=\"twitter:description\" content=\"Ankara E Class Mercedes Kiralama : Sizin i\u00e7in en \u00fcst d\u00fczey konforla donat\u0131lm\u0131\u015f son model bir E class mercedes ve tecr\u00fcbeli \u015fof\u00f6r\u00fcn\u00fcz ile seyahatlerinizi ger\u00e7ekle\u015ftirin.\" \/>\n\t\t<meta name=\"twitter:image\" content=\"https:\/\/viparacim.com\/wp-content\/uploads\/2020\/06\/viparacim-schema.jpg\" \/>\n\t\t<script type=\"application\/ld+json\" class=\"aioseo-schema\">\n\t\t\t{\"@context\":\"https:\\\/\\\/schema.org\",\"@graph\":[{\"@type\":\"BreadcrumbList\",\"@id\":\"https:\\\/\\\/viparacim.com\\\/de\\\/soforlu-luks-arac-kiralama\\\/e-class-mercedes-kiralama\\\/#breadcrumblist\",\"itemListElement\":[{\"@type\":\"ListItem\",\"@id\":\"https:\\\/\\\/viparacim.com\\\/de#listItem\",\"position\":1,\"name\":\"Home\",\"item\":\"https:\\\/\\\/viparacim.com\\\/de\",\"nextItem\":{\"@type\":\"ListItem\",\"@id\":\"https:\\\/\\\/viparacim.com\\\/de\\\/hizmet-tipi\\\/luks-araclarimiz-ve-ozellikleri\\\/#listItem\",\"name\":\"L\\u00fcks Ara\\u00e7lar\\u0131m\\u0131z ve \\u00d6zellikleri\"}},{\"@type\":\"ListItem\",\"@id\":\"https:\\\/\\\/viparacim.com\\\/de\\\/hizmet-tipi\\\/luks-araclarimiz-ve-ozellikleri\\\/#listItem\",\"position\":2,\"name\":\"L\\u00fcks Ara\\u00e7lar\\u0131m\\u0131z ve \\u00d6zellikleri\",\"item\":\"https:\\\/\\\/viparacim.com\\\/de\\\/hizmet-tipi\\\/luks-araclarimiz-ve-ozellikleri\\\/\",\"nextItem\":{\"@type\":\"ListItem\",\"@id\":\"https:\\\/\\\/viparacim.com\\\/de\\\/soforlu-luks-arac-kiralama\\\/e-class-mercedes-kiralama\\\/#listItem\",\"name\":\"E Class Mercedes Kiralama\"},\"previousItem\":{\"@type\":\"ListItem\",\"@id\":\"https:\\\/\\\/viparacim.com\\\/de#listItem\",\"name\":\"Home\"}},{\"@type\":\"ListItem\",\"@id\":\"https:\\\/\\\/viparacim.com\\\/de\\\/soforlu-luks-arac-kiralama\\\/e-class-mercedes-kiralama\\\/#listItem\",\"position\":3,\"name\":\"E Class Mercedes Kiralama\",\"previousItem\":{\"@type\":\"ListItem\",\"@id\":\"https:\\\/\\\/viparacim.com\\\/de\\\/hizmet-tipi\\\/luks-araclarimiz-ve-ozellikleri\\\/#listItem\",\"name\":\"L\\u00fcks Ara\\u00e7lar\\u0131m\\u0131z ve \\u00d6zellikleri\"}}]},{\"@type\":\"Organization\",\"@id\":\"https:\\\/\\\/viparacim.com\\\/de\\\/#organization\",\"name\":\"Viparacim\",\"description\":\"G\\u00fcvenilir, \\u015f\\u00f6f\\u00f6rl\\u00fc l\\u00fcks ara\\u00e7 kiralama, hizmeti ile tan\\u0131\\u015f\\u0131n. Ankara ara\\u00e7 kiralama hizmeti, \\u015f\\u00f6f\\u00f6rl\\u00fc l\\u00fcks araba kiralama ve l\\u00fcks d\\u00fc\\u011f\\u00fcn gelin arabas\\u0131 kiralama hizmeti sunmaktad\\u0131r.\",\"url\":\"https:\\\/\\\/viparacim.com\\\/de\\\/\",\"telephone\":\"+905439720606\",\"logo\":{\"@type\":\"ImageObject\",\"url\":\"https:\\\/\\\/viparacim.com\\\/wp-content\\\/uploads\\\/2024\\\/03\\\/vector-viparacim.svg\",\"@id\":\"https:\\\/\\\/viparacim.com\\\/de\\\/soforlu-luks-arac-kiralama\\\/e-class-mercedes-kiralama\\\/#organizationLogo\"},\"image\":{\"@id\":\"https:\\\/\\\/viparacim.com\\\/de\\\/soforlu-luks-arac-kiralama\\\/e-class-mercedes-kiralama\\\/#organizationLogo\"},\"sameAs\":[\"https:\\\/\\\/www.instagram.com\\\/viparacimresmi\\\/\"]},{\"@type\":\"Person\",\"@id\":\"https:\\\/\\\/viparacim.com\\\/de\\\/author\\\/admin\\\/#author\",\"url\":\"https:\\\/\\\/viparacim.com\\\/de\\\/author\\\/admin\\\/\",\"name\":\"admin\",\"image\":{\"@type\":\"ImageObject\",\"@id\":\"https:\\\/\\\/viparacim.com\\\/de\\\/soforlu-luks-arac-kiralama\\\/e-class-mercedes-kiralama\\\/#authorImage\",\"url\":\"https:\\\/\\\/secure.gravatar.com\\\/avatar\\\/c4f9d0327116a9912199bfe2a8ea4b4001856b9b6887758ef97ac9dfc021d97c?s=96&d=mm&r=g\",\"width\":96,\"height\":96,\"caption\":\"admin\"}},{\"@type\":\"WebPage\",\"@id\":\"https:\\\/\\\/viparacim.com\\\/de\\\/soforlu-luks-arac-kiralama\\\/e-class-mercedes-kiralama\\\/#webpage\",\"url\":\"https:\\\/\\\/viparacim.com\\\/de\\\/soforlu-luks-arac-kiralama\\\/e-class-mercedes-kiralama\\\/\",\"name\":\"E Class Mercedes Kiralama | \\u015e\\u00f6f\\u00f6rl\\u00fc Ara\\u00e7 Kiralama\",\"description\":\"Ankara E Class Mercedes Kiralama : Sizin i\\u00e7in en \\u00fcst d\\u00fczey konforla donat\\u0131lm\\u0131\\u015f son model bir E class mercedes ve tecr\\u00fcbeli \\u015fof\\u00f6r\\u00fcn\\u00fcz ile seyahatlerinizi ger\\u00e7ekle\\u015ftirin.\",\"inLanguage\":\"de-DE\",\"isPartOf\":{\"@id\":\"https:\\\/\\\/viparacim.com\\\/de\\\/#website\"},\"breadcrumb\":{\"@id\":\"https:\\\/\\\/viparacim.com\\\/de\\\/soforlu-luks-arac-kiralama\\\/e-class-mercedes-kiralama\\\/#breadcrumblist\"},\"author\":{\"@id\":\"https:\\\/\\\/viparacim.com\\\/de\\\/author\\\/admin\\\/#author\"},\"creator\":{\"@id\":\"https:\\\/\\\/viparacim.com\\\/de\\\/author\\\/admin\\\/#author\"},\"image\":{\"@type\":\"ImageObject\",\"url\":\"https:\\\/\\\/viparacim.com\\\/wp-content\\\/uploads\\\/2014\\\/04\\\/Ankara-soforlu-arac-kiralama-mercedes-limuzin-kiralama-ultralux-luks-arac-kiralama-en-ucuz-guvenli-arac-kiralama-mercedes-e-klas.png\",\"@id\":\"https:\\\/\\\/viparacim.com\\\/de\\\/soforlu-luks-arac-kiralama\\\/e-class-mercedes-kiralama\\\/#mainImage\",\"width\":581,\"height\":352},\"primaryImageOfPage\":{\"@id\":\"https:\\\/\\\/viparacim.com\\\/de\\\/soforlu-luks-arac-kiralama\\\/e-class-mercedes-kiralama\\\/#mainImage\"},\"datePublished\":\"2022-09-11T04:35:16+03:00\",\"dateModified\":\"2024-03-13T08:16:32+03:00\"},{\"@type\":\"WebSite\",\"@id\":\"https:\\\/\\\/viparacim.com\\\/de\\\/#website\",\"url\":\"https:\\\/\\\/viparacim.com\\\/de\\\/\",\"name\":\"\\u015e\\u00f6f\\u00f6rl\\u00fc Ara\\u00e7 Kiralama\",\"description\":\"G\\u00fcvenilir, \\u015f\\u00f6f\\u00f6rl\\u00fc l\\u00fcks ara\\u00e7 kiralama, hizmeti ile tan\\u0131\\u015f\\u0131n. Ankara ara\\u00e7 kiralama hizmeti, \\u015f\\u00f6f\\u00f6rl\\u00fc l\\u00fcks araba kiralama ve l\\u00fcks d\\u00fc\\u011f\\u00fcn gelin arabas\\u0131 kiralama hizmeti sunmaktad\\u0131r.\",\"inLanguage\":\"de-DE\",\"publisher\":{\"@id\":\"https:\\\/\\\/viparacim.com\\\/de\\\/#organization\"}}]}\n\t\t<\/script>\n\t\t<!-- All in One SEO -->\n\n","aioseo_head_json":{"title":"E-Klasse-Mercedes-Vermietung | Autovermietung mit Fahrer","description":"Vermietung eines Mercedes der E-Klasse in Ankara: Reisen Sie mit einem neuesten Mercedes-Modell der E-Klasse, das mit h\u00f6chstem Komfort und Ihrem erfahrenen Fahrer ausgestattet ist.","canonical_url":"https:\/\/viparacim.com\/de\/soforlu-luks-arac-kiralama\/e-class-mercedes-kiralama\/","robots":"max-image-preview:large","keywords":"l\u00fcks ara\u00e7 kiralama,\u015f\u00f6f\u00f6rl\u00fc ara\u00e7 kiralama,vip ara\u00e7 kiralama,vip arac,\u015f\u00f6f\u00f6rl\u00fc ara\u00e7,ara\u00e7 kiralama,ankara ara\u00e7 kiralama,ankara gelin arabas\u0131,ankara d\u00fc\u011f\u00fcn arabas\u0131,ankara \u015f\u00f6f\u00f6rl\u00fc oto,havaalan\u0131 transferi,esenbo\u011fa ara\u00e7 kiralama","webmasterTools":{"google-site-verification":"KAfmD1_dxcNzq7SX_ubTUTOToER_1hK50Vpivh7NntI","miscellaneous":""},"schema":{"@context":"https:\/\/schema.org","@graph":[{"@type":"BreadcrumbList","@id":"https:\/\/viparacim.com\/de\/soforlu-luks-arac-kiralama\/e-class-mercedes-kiralama\/#breadcrumblist","itemListElement":[{"@type":"ListItem","@id":"https:\/\/viparacim.com\/de#listItem","position":1,"name":"Home","item":"https:\/\/viparacim.com\/de","nextItem":{"@type":"ListItem","@id":"https:\/\/viparacim.com\/de\/hizmet-tipi\/luks-araclarimiz-ve-ozellikleri\/#listItem","name":"L\u00fcks Ara\u00e7lar\u0131m\u0131z ve \u00d6zellikleri"}},{"@type":"ListItem","@id":"https:\/\/viparacim.com\/de\/hizmet-tipi\/luks-araclarimiz-ve-ozellikleri\/#listItem","position":2,"name":"L\u00fcks Ara\u00e7lar\u0131m\u0131z ve \u00d6zellikleri","item":"https:\/\/viparacim.com\/de\/hizmet-tipi\/luks-araclarimiz-ve-ozellikleri\/","nextItem":{"@type":"ListItem","@id":"https:\/\/viparacim.com\/de\/soforlu-luks-arac-kiralama\/e-class-mercedes-kiralama\/#listItem","name":"E Class Mercedes Kiralama"},"previousItem":{"@type":"ListItem","@id":"https:\/\/viparacim.com\/de#listItem","name":"Home"}},{"@type":"ListItem","@id":"https:\/\/viparacim.com\/de\/soforlu-luks-arac-kiralama\/e-class-mercedes-kiralama\/#listItem","position":3,"name":"E Class Mercedes Kiralama","previousItem":{"@type":"ListItem","@id":"https:\/\/viparacim.com\/de\/hizmet-tipi\/luks-araclarimiz-ve-ozellikleri\/#listItem","name":"L\u00fcks Ara\u00e7lar\u0131m\u0131z ve \u00d6zellikleri"}}]},{"@type":"Organization","@id":"https:\/\/viparacim.com\/de\/#organization","name":"Viparacim","description":"G\u00fcvenilir, \u015f\u00f6f\u00f6rl\u00fc l\u00fcks ara\u00e7 kiralama, hizmeti ile tan\u0131\u015f\u0131n. Ankara ara\u00e7 kiralama hizmeti, \u015f\u00f6f\u00f6rl\u00fc l\u00fcks araba kiralama ve l\u00fcks d\u00fc\u011f\u00fcn gelin arabas\u0131 kiralama hizmeti sunmaktad\u0131r.","url":"https:\/\/viparacim.com\/de\/","telephone":"+905439720606","logo":{"@type":"ImageObject","url":"https:\/\/viparacim.com\/wp-content\/uploads\/2024\/03\/vector-viparacim.svg","@id":"https:\/\/viparacim.com\/de\/soforlu-luks-arac-kiralama\/e-class-mercedes-kiralama\/#organizationLogo"},"image":{"@id":"https:\/\/viparacim.com\/de\/soforlu-luks-arac-kiralama\/e-class-mercedes-kiralama\/#organizationLogo"},"sameAs":["https:\/\/www.instagram.com\/viparacimresmi\/"]},{"@type":"Person","@id":"https:\/\/viparacim.com\/de\/author\/admin\/#author","url":"https:\/\/viparacim.com\/de\/author\/admin\/","name":"admin","image":{"@type":"ImageObject","@id":"https:\/\/viparacim.com\/de\/soforlu-luks-arac-kiralama\/e-class-mercedes-kiralama\/#authorImage","url":"https:\/\/secure.gravatar.com\/avatar\/c4f9d0327116a9912199bfe2a8ea4b4001856b9b6887758ef97ac9dfc021d97c?s=96&d=mm&r=g","width":96,"height":96,"caption":"admin"}},{"@type":"WebPage","@id":"https:\/\/viparacim.com\/de\/soforlu-luks-arac-kiralama\/e-class-mercedes-kiralama\/#webpage","url":"https:\/\/viparacim.com\/de\/soforlu-luks-arac-kiralama\/e-class-mercedes-kiralama\/","name":"E Class Mercedes Kiralama | \u015e\u00f6f\u00f6rl\u00fc Ara\u00e7 Kiralama","description":"Ankara E Class Mercedes Kiralama : Sizin i\u00e7in en \u00fcst d\u00fczey konforla donat\u0131lm\u0131\u015f son model bir E class mercedes ve tecr\u00fcbeli \u015fof\u00f6r\u00fcn\u00fcz ile seyahatlerinizi ger\u00e7ekle\u015ftirin.","inLanguage":"de-DE","isPartOf":{"@id":"https:\/\/viparacim.com\/de\/#website"},"breadcrumb":{"@id":"https:\/\/viparacim.com\/de\/soforlu-luks-arac-kiralama\/e-class-mercedes-kiralama\/#breadcrumblist"},"author":{"@id":"https:\/\/viparacim.com\/de\/author\/admin\/#author"},"creator":{"@id":"https:\/\/viparacim.com\/de\/author\/admin\/#author"},"image":{"@type":"ImageObject","url":"https:\/\/viparacim.com\/wp-content\/uploads\/2014\/04\/Ankara-soforlu-arac-kiralama-mercedes-limuzin-kiralama-ultralux-luks-arac-kiralama-en-ucuz-guvenli-arac-kiralama-mercedes-e-klas.png","@id":"https:\/\/viparacim.com\/de\/soforlu-luks-arac-kiralama\/e-class-mercedes-kiralama\/#mainImage","width":581,"height":352},"primaryImageOfPage":{"@id":"https:\/\/viparacim.com\/de\/soforlu-luks-arac-kiralama\/e-class-mercedes-kiralama\/#mainImage"},"datePublished":"2022-09-11T04:35:16+03:00","dateModified":"2024-03-13T08:16:32+03:00"},{"@type":"WebSite","@id":"https:\/\/viparacim.com\/de\/#website","url":"https:\/\/viparacim.com\/de\/","name":"\u015e\u00f6f\u00f6rl\u00fc Ara\u00e7 Kiralama","description":"G\u00fcvenilir, \u015f\u00f6f\u00f6rl\u00fc l\u00fcks ara\u00e7 kiralama, hizmeti ile tan\u0131\u015f\u0131n. Ankara ara\u00e7 kiralama hizmeti, \u015f\u00f6f\u00f6rl\u00fc l\u00fcks araba kiralama ve l\u00fcks d\u00fc\u011f\u00fcn gelin arabas\u0131 kiralama hizmeti sunmaktad\u0131r.","inLanguage":"de-DE","publisher":{"@id":"https:\/\/viparacim.com\/de\/#organization"}}]},"og:locale":"de_DE","og:site_name":"VIPARACIM \u015eof\u00f6rl\u00fc L\u00fcks Ara\u00e7 Kiralama","og:type":"article","og:title":"E Class Mercedes Kiralama | \u015e\u00f6f\u00f6rl\u00fc Ara\u00e7 Kiralama","og:description":"Ankara E Class Mercedes Kiralama : Sizin i\u00e7in en \u00fcst d\u00fczey konforla donat\u0131lm\u0131\u015f son model bir E class mercedes ve tecr\u00fcbeli \u015fof\u00f6r\u00fcn\u00fcz ile seyahatlerinizi ger\u00e7ekle\u015ftirin.","og:url":"https:\/\/viparacim.com\/de\/soforlu-luks-arac-kiralama\/e-class-mercedes-kiralama\/","og:image":"https:\/\/viparacim.com\/wp-content\/uploads\/2020\/06\/viparacim-schema.jpg","og:image:secure_url":"https:\/\/viparacim.com\/wp-content\/uploads\/2020\/06\/viparacim-schema.jpg","og:image:width":1251,"og:image:height":811,"article:published_time":"2022-09-11T01:35:16+00:00","article:modified_time":"2024-03-13T05:16:32+00:00","twitter:card":"summary","twitter:title":"E Class Mercedes Kiralama | \u015e\u00f6f\u00f6rl\u00fc Ara\u00e7 Kiralama","twitter:description":"Ankara E Class Mercedes Kiralama : Sizin i\u00e7in en \u00fcst d\u00fczey konforla donat\u0131lm\u0131\u015f son model bir E class mercedes ve tecr\u00fcbeli \u015fof\u00f6r\u00fcn\u00fcz ile seyahatlerinizi ger\u00e7ekle\u015ftirin.","twitter:image":"https:\/\/viparacim.com\/wp-content\/uploads\/2020\/06\/viparacim-schema.jpg"},"aioseo_meta_data":{"post_id":"2187","title":"E Class Mercedes Kiralama | #site_title","description":"Vermietung eines Mercedes der E-Klasse in Ankara: Reisen Sie mit einem neuesten Mercedes-Modell der E-Klasse, das mit h\u00f6chstem Komfort und Ihrem erfahrenen Fahrer ausgestattet ist.","keywords":[{"label":"L\u00fcks ara\u00e7 kiralama","value":"L\u00fcks ara\u00e7 kiralama"},{"label":"\u015f\u00f6f\u00f6rl\u00fc ara\u00e7 kiralama","value":"\u015f\u00f6f\u00f6rl\u00fc ara\u00e7 kiralama"},{"label":"vip ara\u00e7 kiralama","value":"vip ara\u00e7 kiralama"},{"label":"vip arac","value":"vip arac"},{"label":"\u015f\u00f6f\u00f6rl\u00fc ara\u00e7","value":"\u015f\u00f6f\u00f6rl\u00fc ara\u00e7"},{"label":"ara\u00e7 kiralama","value":"ara\u00e7 kiralama"},{"label":"ankara ara\u00e7 kiralama","value":"ankara ara\u00e7 kiralama"},{"label":"ankara gelin arabas\u0131","value":"ankara gelin arabas\u0131"},{"label":"ankara d\u00fc\u011f\u00fcn arabas\u0131","value":"ankara d\u00fc\u011f\u00fcn arabas\u0131"},{"label":"ankara \u015f\u00f6f\u00f6rl\u00fc oto","value":"ankara \u015f\u00f6f\u00f6rl\u00fc oto"},{"label":"havaalan\u0131 transferi","value":"havaalan\u0131 transferi"},{"label":"esenbo\u011fa ara\u00e7 kiralama","value":"esenbo\u011fa ara\u00e7 kiralama"}],"keyphrases":{"focus":{"keyphrase":"","score":0,"analysis":{"keyphraseInTitle":{"score":0,"maxScore":9,"error":1}}},"additional":[]},"primary_term":null,"canonical_url":null,"og_title":null,"og_description":null,"og_object_type":"default","og_image_type":"default","og_image_url":null,"og_image_width":null,"og_image_height":null,"og_image_custom_url":null,"og_image_custom_fields":null,"og_video":"","og_custom_url":null,"og_article_section":null,"og_article_tags":[],"twitter_use_og":false,"twitter_card":"default","twitter_image_type":"default","twitter_image_url":null,"twitter_image_custom_url":null,"twitter_image_custom_fields":null,"twitter_title":null,"twitter_description":null,"schema":{"blockGraphs":[],"customGraphs":[],"default":{"data":{"Article":[],"Course":[],"Dataset":[],"FAQPage":[],"Movie":[],"Person":[],"Product":[],"ProductReview":[],"Car":[],"Recipe":[],"Service":[],"SoftwareApplication":[],"WebPage":[]},"graphName":"WebPage","isEnabled":true},"graphs":[]},"schema_type":"default","schema_type_options":"{\"article\":{\"articleType\":\"BlogPosting\"},\"course\":{\"name\":\"\",\"description\":\"\",\"provider\":\"\"},\"faq\":{\"pages\":[]},\"product\":{\"reviews\":[]},\"recipe\":{\"ingredients\":[],\"instructions\":[],\"keywords\":[]},\"software\":{\"reviews\":[],\"operatingSystems\":[]},\"webPage\":{\"webPageType\":\"WebPage\"}}","pillar_content":false,"robots_default":true,"robots_noindex":false,"robots_noarchive":false,"robots_nosnippet":false,"robots_nofollow":false,"robots_noimageindex":false,"robots_noodp":false,"robots_notranslate":false,"robots_max_snippet":"-1","robots_max_videopreview":"-1","robots_max_imagepreview":"large","priority":null,"frequency":"default","local_seo":null,"breadcrumb_settings":null,"limit_modified_date":false,"ai":null,"created":"2021-01-11 12:00:26","updated":"2025-08-18 11:58:48","focus_keyword":null,"additional_keywords":null,"truseo_locale":null,"seo_analyzer_scan_date":null},"_links":{"self":[{"href":"https:\/\/viparacim.com\/de\/wp-json\/wp\/v2\/portfolio\/2187","targetHints":{"allow":["GET"]}}],"collection":[{"href":"https:\/\/viparacim.com\/de\/wp-json\/wp\/v2\/portfolio"}],"about":[{"href":"https:\/\/viparacim.com\/de\/wp-json\/wp\/v2\/types\/portfolio"}],"author":[{"embeddable":true,"href":"https:\/\/viparacim.com\/de\/wp-json\/wp\/v2\/users\/1"}],"replies":[{"embeddable":true,"href":"https:\/\/viparacim.com\/de\/wp-json\/wp\/v2\/comments?post=2187"}],"wp:featuredmedia":[{"embeddable":true,"href":"https:\/\/viparacim.com\/de\/wp-json\/wp\/v2\/media\/2378"}],"wp:attachment":[{"href":"https:\/\/viparacim.com\/de\/wp-json\/wp\/v2\/media?parent=2187"}],"wp:term":[{"taxonomy":"portfolio-types","embeddable":true,"href":"https:\/\/viparacim.com\/de\/wp-json\/wp\/v2\/portfolio-types?post=2187"}],"curies":[{"name":"wp","href":"https:\/\/api.w.org\/{rel}","templated":true}]}}