{"id":2189,"date":"2022-09-11T04:34:56","date_gmt":"2022-09-11T01:34:56","guid":{"rendered":"http:\/\/themes.muffingroup.com\/betheme\/?post_type=portfolio&#038;p=2189"},"modified":"2022-09-11T04:34:56","modified_gmt":"2022-09-11T01:34:56","slug":"volkswagen-passat-mieten","status":"publish","type":"portfolio","link":"https:\/\/viparacim.com\/de\/soforlu-luks-arac-kiralama\/volkswagen-passat-kiralama\/","title":{"rendered":"Volkswagen Passat-Vermietung"},"content":{"rendered":"","protected":false},"excerpt":{"rendered":"","protected":false},"author":1,"featured_media":2257,"menu_order":46,"comment_status":"closed","ping_status":"closed","template":"","meta":{"rs_blank_template":"","rs_page_bg_color":"","slide_template_v7":""},"portfolio-types":[7],"class_list":["post-2189","portfolio","type-portfolio","status-publish","has-post-thumbnail","hentry","portfolio-types-luks-araclarimiz-ve-ozellikleri"],"aioseo_notices":[],"aioseo_head":"\n\t\t<!-- All in One SEO 5.0.1.1 - aioseo.com -->\n\t<meta name=\"description\" content=\"Ankara&#039; da sizin i\u00e7in dizayn etti\u011fimiz l\u00fcks volkswagen passat ile \u015fof\u00f6rl\u00fc seyahat hizmetlerimizin doyas\u0131ya tad\u0131n\u0131 \u00e7\u0131kar\u0131n. Hizmetlerimizde referanslar\u0131m\u0131za g\u00f6zatabilirsiniz.\" \/>\n\t<meta name=\"robots\" content=\"max-image-preview:large\" \/>\n\t<meta name=\"author\" content=\"admin\"\/>\n\t<meta name=\"google-site-verification\" content=\"KAfmD1_dxcNzq7SX_ubTUTOToER_1hK50Vpivh7NntI\" \/>\n\t<meta name=\"keywords\" content=\"l\u00fcks ara\u00e7 kiralama,\u015f\u00f6f\u00f6rl\u00fc ara\u00e7 kiralama,vip ara\u00e7 kiralama,vip arac,\u015f\u00f6f\u00f6rl\u00fc ara\u00e7,ara\u00e7 kiralama,ankara ara\u00e7 kiralama,ankara gelin arabas\u0131,ankara d\u00fc\u011f\u00fcn arabas\u0131,ankara \u015f\u00f6f\u00f6rl\u00fc oto,havaalan\u0131 transferi,esenbo\u011fa ara\u00e7 kiralama\" \/>\n\t<link rel=\"canonical\" href=\"https:\/\/viparacim.com\/de\/soforlu-luks-arac-kiralama\/volkswagen-passat-kiralama\/\" \/>\n\t<meta name=\"generator\" content=\"All in One SEO (AIOSEO) 5.0.1.1\" \/>\n\t\t<meta property=\"og:locale\" content=\"de_DE\" \/>\n\t\t<meta property=\"og:site_name\" content=\"VIPARACIM \u015eof\u00f6rl\u00fc L\u00fcks Ara\u00e7 Kiralama\" \/>\n\t\t<meta property=\"og:type\" content=\"article\" \/>\n\t\t<meta property=\"og:title\" content=\"L\u00fcks Passat Kiralama | \u015e\u00f6f\u00f6rl\u00fc Ara\u00e7 Kiralama\" \/>\n\t\t<meta property=\"og:description\" content=\"Ankara&#039; da sizin i\u00e7in dizayn etti\u011fimiz l\u00fcks volkswagen passat ile \u015fof\u00f6rl\u00fc seyahat hizmetlerimizin doyas\u0131ya tad\u0131n\u0131 \u00e7\u0131kar\u0131n. Hizmetlerimizde referanslar\u0131m\u0131za g\u00f6zatabilirsiniz.\" \/>\n\t\t<meta property=\"og:url\" content=\"https:\/\/viparacim.com\/de\/soforlu-luks-arac-kiralama\/volkswagen-passat-kiralama\/\" \/>\n\t\t<meta property=\"og:image\" content=\"https:\/\/viparacim.com\/wp-content\/uploads\/2020\/06\/viparacim-schema.jpg\" \/>\n\t\t<meta property=\"og:image:secure_url\" content=\"https:\/\/viparacim.com\/wp-content\/uploads\/2020\/06\/viparacim-schema.jpg\" \/>\n\t\t<meta property=\"og:image:width\" content=\"1251\" \/>\n\t\t<meta property=\"og:image:height\" content=\"811\" \/>\n\t\t<meta property=\"article:published_time\" content=\"2022-09-11T01:34:56+00:00\" \/>\n\t\t<meta property=\"article:modified_time\" content=\"2022-09-11T01:34:56+00:00\" \/>\n\t\t<meta name=\"twitter:card\" content=\"summary\" \/>\n\t\t<meta name=\"twitter:title\" content=\"L\u00fcks Passat Kiralama | \u015e\u00f6f\u00f6rl\u00fc Ara\u00e7 Kiralama\" \/>\n\t\t<meta name=\"twitter:description\" content=\"Ankara&#039; da sizin i\u00e7in dizayn etti\u011fimiz l\u00fcks volkswagen passat ile \u015fof\u00f6rl\u00fc seyahat hizmetlerimizin doyas\u0131ya tad\u0131n\u0131 \u00e7\u0131kar\u0131n. Hizmetlerimizde referanslar\u0131m\u0131za g\u00f6zatabilirsiniz.\" \/>\n\t\t<meta name=\"twitter:image\" content=\"https:\/\/viparacim.com\/wp-content\/uploads\/2020\/06\/viparacim-schema.jpg\" \/>\n\t\t<script type=\"application\/ld+json\" class=\"aioseo-schema\">\n\t\t\t{\"@context\":\"https:\\\/\\\/schema.org\",\"@graph\":[{\"@type\":\"BreadcrumbList\",\"@id\":\"https:\\\/\\\/viparacim.com\\\/de\\\/soforlu-luks-arac-kiralama\\\/volkswagen-passat-kiralama\\\/#breadcrumblist\",\"itemListElement\":[{\"@type\":\"ListItem\",\"@id\":\"https:\\\/\\\/viparacim.com\\\/de#listItem\",\"position\":1,\"name\":\"Home\",\"item\":\"https:\\\/\\\/viparacim.com\\\/de\",\"nextItem\":{\"@type\":\"ListItem\",\"@id\":\"https:\\\/\\\/viparacim.com\\\/de\\\/hizmet-tipi\\\/luks-araclarimiz-ve-ozellikleri\\\/#listItem\",\"name\":\"L\\u00fcks Ara\\u00e7lar\\u0131m\\u0131z ve \\u00d6zellikleri\"}},{\"@type\":\"ListItem\",\"@id\":\"https:\\\/\\\/viparacim.com\\\/de\\\/hizmet-tipi\\\/luks-araclarimiz-ve-ozellikleri\\\/#listItem\",\"position\":2,\"name\":\"L\\u00fcks Ara\\u00e7lar\\u0131m\\u0131z ve \\u00d6zellikleri\",\"item\":\"https:\\\/\\\/viparacim.com\\\/de\\\/hizmet-tipi\\\/luks-araclarimiz-ve-ozellikleri\\\/\",\"nextItem\":{\"@type\":\"ListItem\",\"@id\":\"https:\\\/\\\/viparacim.com\\\/de\\\/soforlu-luks-arac-kiralama\\\/volkswagen-passat-kiralama\\\/#listItem\",\"name\":\"Volkswagen Passat Kiralama\"},\"previousItem\":{\"@type\":\"ListItem\",\"@id\":\"https:\\\/\\\/viparacim.com\\\/de#listItem\",\"name\":\"Home\"}},{\"@type\":\"ListItem\",\"@id\":\"https:\\\/\\\/viparacim.com\\\/de\\\/soforlu-luks-arac-kiralama\\\/volkswagen-passat-kiralama\\\/#listItem\",\"position\":3,\"name\":\"Volkswagen Passat Kiralama\",\"previousItem\":{\"@type\":\"ListItem\",\"@id\":\"https:\\\/\\\/viparacim.com\\\/de\\\/hizmet-tipi\\\/luks-araclarimiz-ve-ozellikleri\\\/#listItem\",\"name\":\"L\\u00fcks Ara\\u00e7lar\\u0131m\\u0131z ve \\u00d6zellikleri\"}}]},{\"@type\":\"Organization\",\"@id\":\"https:\\\/\\\/viparacim.com\\\/de\\\/#organization\",\"name\":\"Viparacim\",\"description\":\"G\\u00fcvenilir, \\u015f\\u00f6f\\u00f6rl\\u00fc l\\u00fcks ara\\u00e7 kiralama, hizmeti ile tan\\u0131\\u015f\\u0131n. Ankara ara\\u00e7 kiralama hizmeti, \\u015f\\u00f6f\\u00f6rl\\u00fc l\\u00fcks araba kiralama ve l\\u00fcks d\\u00fc\\u011f\\u00fcn gelin arabas\\u0131 kiralama hizmeti sunmaktad\\u0131r.\",\"url\":\"https:\\\/\\\/viparacim.com\\\/de\\\/\",\"telephone\":\"+905439720606\",\"logo\":{\"@type\":\"ImageObject\",\"url\":\"https:\\\/\\\/viparacim.com\\\/wp-content\\\/uploads\\\/2024\\\/03\\\/vector-viparacim.svg\",\"@id\":\"https:\\\/\\\/viparacim.com\\\/de\\\/soforlu-luks-arac-kiralama\\\/volkswagen-passat-kiralama\\\/#organizationLogo\"},\"image\":{\"@id\":\"https:\\\/\\\/viparacim.com\\\/de\\\/soforlu-luks-arac-kiralama\\\/volkswagen-passat-kiralama\\\/#organizationLogo\"},\"sameAs\":[\"https:\\\/\\\/www.instagram.com\\\/viparacimresmi\\\/\"]},{\"@type\":\"Person\",\"@id\":\"https:\\\/\\\/viparacim.com\\\/de\\\/author\\\/admin\\\/#author\",\"url\":\"https:\\\/\\\/viparacim.com\\\/de\\\/author\\\/admin\\\/\",\"name\":\"admin\",\"image\":{\"@type\":\"ImageObject\",\"@id\":\"https:\\\/\\\/viparacim.com\\\/de\\\/soforlu-luks-arac-kiralama\\\/volkswagen-passat-kiralama\\\/#authorImage\",\"url\":\"https:\\\/\\\/secure.gravatar.com\\\/avatar\\\/c4f9d0327116a9912199bfe2a8ea4b4001856b9b6887758ef97ac9dfc021d97c?s=96&d=mm&r=g\",\"width\":96,\"height\":96,\"caption\":\"admin\"}},{\"@type\":\"WebPage\",\"@id\":\"https:\\\/\\\/viparacim.com\\\/de\\\/soforlu-luks-arac-kiralama\\\/volkswagen-passat-kiralama\\\/#webpage\",\"url\":\"https:\\\/\\\/viparacim.com\\\/de\\\/soforlu-luks-arac-kiralama\\\/volkswagen-passat-kiralama\\\/\",\"name\":\"L\\u00fcks Passat Kiralama | \\u015e\\u00f6f\\u00f6rl\\u00fc Ara\\u00e7 Kiralama\",\"description\":\"Ankara' da sizin i\\u00e7in dizayn etti\\u011fimiz l\\u00fcks volkswagen passat ile \\u015fof\\u00f6rl\\u00fc seyahat hizmetlerimizin doyas\\u0131ya tad\\u0131n\\u0131 \\u00e7\\u0131kar\\u0131n. Hizmetlerimizde referanslar\\u0131m\\u0131za g\\u00f6zatabilirsiniz.\",\"inLanguage\":\"de-DE\",\"isPartOf\":{\"@id\":\"https:\\\/\\\/viparacim.com\\\/de\\\/#website\"},\"breadcrumb\":{\"@id\":\"https:\\\/\\\/viparacim.com\\\/de\\\/soforlu-luks-arac-kiralama\\\/volkswagen-passat-kiralama\\\/#breadcrumblist\"},\"author\":{\"@id\":\"https:\\\/\\\/viparacim.com\\\/de\\\/author\\\/admin\\\/#author\"},\"creator\":{\"@id\":\"https:\\\/\\\/viparacim.com\\\/de\\\/author\\\/admin\\\/#author\"},\"image\":{\"@type\":\"ImageObject\",\"url\":\"https:\\\/\\\/viparacim.com\\\/wp-content\\\/uploads\\\/2014\\\/05\\\/Ankara-soforlu-arac-kiralama-mercedes-limuzin-kiralama-ultralux-luks-arac-kiralama-en-ucuz-guvenli-arac-kiralama-volkswagen-passat.png\",\"@id\":\"https:\\\/\\\/viparacim.com\\\/de\\\/soforlu-luks-arac-kiralama\\\/volkswagen-passat-kiralama\\\/#mainImage\",\"width\":581,\"height\":352},\"primaryImageOfPage\":{\"@id\":\"https:\\\/\\\/viparacim.com\\\/de\\\/soforlu-luks-arac-kiralama\\\/volkswagen-passat-kiralama\\\/#mainImage\"},\"datePublished\":\"2022-09-11T04:34:56+03:00\",\"dateModified\":\"2022-09-11T04:34:56+03:00\"},{\"@type\":\"WebSite\",\"@id\":\"https:\\\/\\\/viparacim.com\\\/de\\\/#website\",\"url\":\"https:\\\/\\\/viparacim.com\\\/de\\\/\",\"name\":\"\\u015e\\u00f6f\\u00f6rl\\u00fc Ara\\u00e7 Kiralama\",\"description\":\"G\\u00fcvenilir, \\u015f\\u00f6f\\u00f6rl\\u00fc l\\u00fcks ara\\u00e7 kiralama, hizmeti ile tan\\u0131\\u015f\\u0131n. Ankara ara\\u00e7 kiralama hizmeti, \\u015f\\u00f6f\\u00f6rl\\u00fc l\\u00fcks araba kiralama ve l\\u00fcks d\\u00fc\\u011f\\u00fcn gelin arabas\\u0131 kiralama hizmeti sunmaktad\\u0131r.\",\"inLanguage\":\"de-DE\",\"publisher\":{\"@id\":\"https:\\\/\\\/viparacim.com\\\/de\\\/#organization\"}}]}\n\t\t<\/script>\n\t\t<!-- All in One SEO -->\n\n","aioseo_head_json":{"title":"Luxus-Passat-Vermietung | Autovermietung mit Fahrer","description":"Genie\u00dfen Sie unseren Chauffeur-Reiseservice mit dem luxuri\u00f6sen Volkswagen Passat, den wir f\u00fcr Sie in Ankara entworfen haben. Unsere Referenzen finden Sie in unseren Dienstleistungen.","canonical_url":"https:\/\/viparacim.com\/de\/soforlu-luks-arac-kiralama\/volkswagen-passat-kiralama\/","robots":"max-image-preview:large","keywords":"l\u00fcks ara\u00e7 kiralama,\u015f\u00f6f\u00f6rl\u00fc ara\u00e7 kiralama,vip ara\u00e7 kiralama,vip arac,\u015f\u00f6f\u00f6rl\u00fc ara\u00e7,ara\u00e7 kiralama,ankara ara\u00e7 kiralama,ankara gelin arabas\u0131,ankara d\u00fc\u011f\u00fcn arabas\u0131,ankara \u015f\u00f6f\u00f6rl\u00fc oto,havaalan\u0131 transferi,esenbo\u011fa ara\u00e7 kiralama","webmasterTools":{"google-site-verification":"KAfmD1_dxcNzq7SX_ubTUTOToER_1hK50Vpivh7NntI","miscellaneous":""},"schema":{"@context":"https:\/\/schema.org","@graph":[{"@type":"BreadcrumbList","@id":"https:\/\/viparacim.com\/de\/soforlu-luks-arac-kiralama\/volkswagen-passat-kiralama\/#breadcrumblist","itemListElement":[{"@type":"ListItem","@id":"https:\/\/viparacim.com\/de#listItem","position":1,"name":"Home","item":"https:\/\/viparacim.com\/de","nextItem":{"@type":"ListItem","@id":"https:\/\/viparacim.com\/de\/hizmet-tipi\/luks-araclarimiz-ve-ozellikleri\/#listItem","name":"L\u00fcks Ara\u00e7lar\u0131m\u0131z ve \u00d6zellikleri"}},{"@type":"ListItem","@id":"https:\/\/viparacim.com\/de\/hizmet-tipi\/luks-araclarimiz-ve-ozellikleri\/#listItem","position":2,"name":"L\u00fcks Ara\u00e7lar\u0131m\u0131z ve \u00d6zellikleri","item":"https:\/\/viparacim.com\/de\/hizmet-tipi\/luks-araclarimiz-ve-ozellikleri\/","nextItem":{"@type":"ListItem","@id":"https:\/\/viparacim.com\/de\/soforlu-luks-arac-kiralama\/volkswagen-passat-kiralama\/#listItem","name":"Volkswagen Passat Kiralama"},"previousItem":{"@type":"ListItem","@id":"https:\/\/viparacim.com\/de#listItem","name":"Home"}},{"@type":"ListItem","@id":"https:\/\/viparacim.com\/de\/soforlu-luks-arac-kiralama\/volkswagen-passat-kiralama\/#listItem","position":3,"name":"Volkswagen Passat Kiralama","previousItem":{"@type":"ListItem","@id":"https:\/\/viparacim.com\/de\/hizmet-tipi\/luks-araclarimiz-ve-ozellikleri\/#listItem","name":"L\u00fcks Ara\u00e7lar\u0131m\u0131z ve \u00d6zellikleri"}}]},{"@type":"Organization","@id":"https:\/\/viparacim.com\/de\/#organization","name":"Viparacim","description":"G\u00fcvenilir, \u015f\u00f6f\u00f6rl\u00fc l\u00fcks ara\u00e7 kiralama, hizmeti ile tan\u0131\u015f\u0131n. Ankara ara\u00e7 kiralama hizmeti, \u015f\u00f6f\u00f6rl\u00fc l\u00fcks araba kiralama ve l\u00fcks d\u00fc\u011f\u00fcn gelin arabas\u0131 kiralama hizmeti sunmaktad\u0131r.","url":"https:\/\/viparacim.com\/de\/","telephone":"+905439720606","logo":{"@type":"ImageObject","url":"https:\/\/viparacim.com\/wp-content\/uploads\/2024\/03\/vector-viparacim.svg","@id":"https:\/\/viparacim.com\/de\/soforlu-luks-arac-kiralama\/volkswagen-passat-kiralama\/#organizationLogo"},"image":{"@id":"https:\/\/viparacim.com\/de\/soforlu-luks-arac-kiralama\/volkswagen-passat-kiralama\/#organizationLogo"},"sameAs":["https:\/\/www.instagram.com\/viparacimresmi\/"]},{"@type":"Person","@id":"https:\/\/viparacim.com\/de\/author\/admin\/#author","url":"https:\/\/viparacim.com\/de\/author\/admin\/","name":"admin","image":{"@type":"ImageObject","@id":"https:\/\/viparacim.com\/de\/soforlu-luks-arac-kiralama\/volkswagen-passat-kiralama\/#authorImage","url":"https:\/\/secure.gravatar.com\/avatar\/c4f9d0327116a9912199bfe2a8ea4b4001856b9b6887758ef97ac9dfc021d97c?s=96&d=mm&r=g","width":96,"height":96,"caption":"admin"}},{"@type":"WebPage","@id":"https:\/\/viparacim.com\/de\/soforlu-luks-arac-kiralama\/volkswagen-passat-kiralama\/#webpage","url":"https:\/\/viparacim.com\/de\/soforlu-luks-arac-kiralama\/volkswagen-passat-kiralama\/","name":"L\u00fcks Passat Kiralama | \u015e\u00f6f\u00f6rl\u00fc Ara\u00e7 Kiralama","description":"Ankara' da sizin i\u00e7in dizayn etti\u011fimiz l\u00fcks volkswagen passat ile \u015fof\u00f6rl\u00fc seyahat hizmetlerimizin doyas\u0131ya tad\u0131n\u0131 \u00e7\u0131kar\u0131n. Hizmetlerimizde referanslar\u0131m\u0131za g\u00f6zatabilirsiniz.","inLanguage":"de-DE","isPartOf":{"@id":"https:\/\/viparacim.com\/de\/#website"},"breadcrumb":{"@id":"https:\/\/viparacim.com\/de\/soforlu-luks-arac-kiralama\/volkswagen-passat-kiralama\/#breadcrumblist"},"author":{"@id":"https:\/\/viparacim.com\/de\/author\/admin\/#author"},"creator":{"@id":"https:\/\/viparacim.com\/de\/author\/admin\/#author"},"image":{"@type":"ImageObject","url":"https:\/\/viparacim.com\/wp-content\/uploads\/2014\/05\/Ankara-soforlu-arac-kiralama-mercedes-limuzin-kiralama-ultralux-luks-arac-kiralama-en-ucuz-guvenli-arac-kiralama-volkswagen-passat.png","@id":"https:\/\/viparacim.com\/de\/soforlu-luks-arac-kiralama\/volkswagen-passat-kiralama\/#mainImage","width":581,"height":352},"primaryImageOfPage":{"@id":"https:\/\/viparacim.com\/de\/soforlu-luks-arac-kiralama\/volkswagen-passat-kiralama\/#mainImage"},"datePublished":"2022-09-11T04:34:56+03:00","dateModified":"2022-09-11T04:34:56+03:00"},{"@type":"WebSite","@id":"https:\/\/viparacim.com\/de\/#website","url":"https:\/\/viparacim.com\/de\/","name":"\u015e\u00f6f\u00f6rl\u00fc Ara\u00e7 Kiralama","description":"G\u00fcvenilir, \u015f\u00f6f\u00f6rl\u00fc l\u00fcks ara\u00e7 kiralama, hizmeti ile tan\u0131\u015f\u0131n. Ankara ara\u00e7 kiralama hizmeti, \u015f\u00f6f\u00f6rl\u00fc l\u00fcks araba kiralama ve l\u00fcks d\u00fc\u011f\u00fcn gelin arabas\u0131 kiralama hizmeti sunmaktad\u0131r.","inLanguage":"de-DE","publisher":{"@id":"https:\/\/viparacim.com\/de\/#organization"}}]},"og:locale":"de_DE","og:site_name":"VIPARACIM \u015eof\u00f6rl\u00fc L\u00fcks Ara\u00e7 Kiralama","og:type":"article","og:title":"L\u00fcks Passat Kiralama | \u015e\u00f6f\u00f6rl\u00fc Ara\u00e7 Kiralama","og:description":"Ankara' da sizin i\u00e7in dizayn etti\u011fimiz l\u00fcks volkswagen passat ile \u015fof\u00f6rl\u00fc seyahat hizmetlerimizin doyas\u0131ya tad\u0131n\u0131 \u00e7\u0131kar\u0131n. Hizmetlerimizde referanslar\u0131m\u0131za g\u00f6zatabilirsiniz.","og:url":"https:\/\/viparacim.com\/de\/soforlu-luks-arac-kiralama\/volkswagen-passat-kiralama\/","og:image":"https:\/\/viparacim.com\/wp-content\/uploads\/2020\/06\/viparacim-schema.jpg","og:image:secure_url":"https:\/\/viparacim.com\/wp-content\/uploads\/2020\/06\/viparacim-schema.jpg","og:image:width":1251,"og:image:height":811,"article:published_time":"2022-09-11T01:34:56+00:00","article:modified_time":"2022-09-11T01:34:56+00:00","twitter:card":"summary","twitter:title":"L\u00fcks Passat Kiralama | \u015e\u00f6f\u00f6rl\u00fc Ara\u00e7 Kiralama","twitter:description":"Ankara' da sizin i\u00e7in dizayn etti\u011fimiz l\u00fcks volkswagen passat ile \u015fof\u00f6rl\u00fc seyahat hizmetlerimizin doyas\u0131ya tad\u0131n\u0131 \u00e7\u0131kar\u0131n. Hizmetlerimizde referanslar\u0131m\u0131za g\u00f6zatabilirsiniz.","twitter:image":"https:\/\/viparacim.com\/wp-content\/uploads\/2020\/06\/viparacim-schema.jpg"},"aioseo_meta_data":{"post_id":"2189","title":"L\u00fcks Passat Kiralama | #site_title","description":"Genie\u00dfen Sie unseren Chauffeur-Reiseservice mit dem luxuri\u00f6sen Volkswagen Passat, den wir f\u00fcr Sie in Ankara entworfen haben. Unsere Referenzen finden Sie in unseren Dienstleistungen.","keywords":[{"label":"L\u00fcks ara\u00e7 kiralama","value":"L\u00fcks ara\u00e7 kiralama"},{"label":"\u015f\u00f6f\u00f6rl\u00fc ara\u00e7 kiralama","value":"\u015f\u00f6f\u00f6rl\u00fc ara\u00e7 kiralama"},{"label":"vip ara\u00e7 kiralama","value":"vip ara\u00e7 kiralama"},{"label":"vip arac","value":"vip arac"},{"label":"\u015f\u00f6f\u00f6rl\u00fc ara\u00e7","value":"\u015f\u00f6f\u00f6rl\u00fc ara\u00e7"},{"label":"ara\u00e7 kiralama","value":"ara\u00e7 kiralama"},{"label":"ankara ara\u00e7 kiralama","value":"ankara ara\u00e7 kiralama"},{"label":"ankara gelin arabas\u0131","value":"ankara gelin arabas\u0131"},{"label":"ankara d\u00fc\u011f\u00fcn arabas\u0131","value":"ankara d\u00fc\u011f\u00fcn arabas\u0131"},{"label":"ankara \u015f\u00f6f\u00f6rl\u00fc oto","value":"ankara \u015f\u00f6f\u00f6rl\u00fc oto"},{"label":"havaalan\u0131 transferi","value":"havaalan\u0131 transferi"},{"label":"esenbo\u011fa ara\u00e7 kiralama","value":"esenbo\u011fa ara\u00e7 kiralama"}],"keyphrases":null,"primary_term":null,"canonical_url":"","og_title":null,"og_description":null,"og_object_type":"default","og_image_type":"default","og_image_url":null,"og_image_width":null,"og_image_height":null,"og_image_custom_url":null,"og_image_custom_fields":null,"og_video":null,"og_custom_url":null,"og_article_section":null,"og_article_tags":null,"twitter_use_og":false,"twitter_card":"default","twitter_image_type":"default","twitter_image_url":null,"twitter_image_custom_url":null,"twitter_image_custom_fields":null,"twitter_title":null,"twitter_description":null,"schema":{"blockGraphs":[],"customGraphs":[],"default":{"data":{"Article":[],"Course":[],"Dataset":[],"FAQPage":[],"Movie":[],"Person":[],"Product":[],"ProductReview":[],"Car":[],"Recipe":[],"Service":[],"SoftwareApplication":[],"WebPage":[]},"graphName":"","isEnabled":true},"graphs":[]},"schema_type":null,"schema_type_options":null,"pillar_content":false,"robots_default":true,"robots_noindex":false,"robots_noarchive":false,"robots_nosnippet":false,"robots_nofollow":false,"robots_noimageindex":false,"robots_noodp":false,"robots_notranslate":false,"robots_max_snippet":null,"robots_max_videopreview":null,"robots_max_imagepreview":"large","priority":null,"frequency":null,"local_seo":null,"breadcrumb_settings":null,"limit_modified_date":false,"ai":null,"created":"2021-01-11 12:00:26","updated":"2025-08-18 11:58:48","focus_keyword":null,"additional_keywords":null,"truseo_locale":null,"seo_analyzer_scan_date":null},"_links":{"self":[{"href":"https:\/\/viparacim.com\/de\/wp-json\/wp\/v2\/portfolio\/2189","targetHints":{"allow":["GET"]}}],"collection":[{"href":"https:\/\/viparacim.com\/de\/wp-json\/wp\/v2\/portfolio"}],"about":[{"href":"https:\/\/viparacim.com\/de\/wp-json\/wp\/v2\/types\/portfolio"}],"author":[{"embeddable":true,"href":"https:\/\/viparacim.com\/de\/wp-json\/wp\/v2\/users\/1"}],"replies":[{"embeddable":true,"href":"https:\/\/viparacim.com\/de\/wp-json\/wp\/v2\/comments?post=2189"}],"wp:featuredmedia":[{"embeddable":true,"href":"https:\/\/viparacim.com\/de\/wp-json\/wp\/v2\/media\/2257"}],"wp:attachment":[{"href":"https:\/\/viparacim.com\/de\/wp-json\/wp\/v2\/media?parent=2189"}],"wp:term":[{"taxonomy":"portfolio-types","embeddable":true,"href":"https:\/\/viparacim.com\/de\/wp-json\/wp\/v2\/portfolio-types?post=2189"}],"curies":[{"name":"wp","href":"https:\/\/api.w.org\/{rel}","templated":true}]}}